{"id":2,"date":"2016-05-10T03:48:21","date_gmt":"2016-05-10T03:48:21","guid":{"rendered":"http:\/\/spd-niehl.de\/?page_id=2"},"modified":"2021-05-06T08:31:04","modified_gmt":"2021-05-06T08:31:04","slug":"sample-page","status":"publish","type":"page","link":"http:\/\/spd-niehl.de\/?page_id=2","title":{"rendered":"Personen"},"content":{"rendered":"\n<p><\/p>\n\n\n<h2>Unser Vorstand<\/h2>\n<p>Unser Vorstand besteht derzeit aus Beate Wieloch (Vorsitzende), Florian Rademacher (stv. Vorsitzender), Aylin Yildirim (stv. Vorsitzende), Alois Steines (Kassierer), Martin Brenig (Schriftf\u00fchrer) und den Beisitzer*innen Hedda K\u00f6rner, Maximillian Pinnen und Harald Wishof.<\/p>\n<h2>Die Revision<\/h2>\n<p>Die Revisor*innen sind f\u00fcr die Pr\u00fcfung der Kassengesch\u00e4fte des Vorstandes zust\u00e4ndig. Sie kontrollieren insbesondere, ob die Kassenf\u00fchrung den Vorgaben der SPD-Finanzordnung entspricht.<\/p>\n<p>Derzeit ist G\u00fcrhan Kern als Revisor*innen gew\u00e4hlt.<\/p>\n<h2>Unsere Mandatstr\u00e4ger*innen<\/h2>\n<p>Bei den vergangenen Kommunal-, Landtags- und Bundestagswahlen konnten sich nahezu alle von der SPD f\u00fcr den Stadtteil Niehl aufgestellten Direktkandidaten gegen ihre politischen Gegner durchsetzen.<\/p>\n<p><img loading=\"lazy\" class=\"wp-image-55 alignleft\" src=\"http:\/\/spd-niehl.de\/wp-content\/uploads\/2018\/12\/rolf_muetzenich-233x300.jpg\" alt=\"\" width=\"101\" height=\"130\" srcset=\"http:\/\/spd-niehl.de\/wp-content\/uploads\/2018\/12\/rolf_muetzenich-233x300.jpg 233w, http:\/\/spd-niehl.de\/wp-content\/uploads\/2018\/12\/rolf_muetzenich.jpg 303w\" sizes=\"(max-width: 101px) 100vw, 101px\" \/><\/p>\n<p><b>Dr. Rolf M\u00fctzenich<\/b><br \/>MdB, Wahlkreis K\u00f6ln III (Ehrenfeld, Nippes, Chorweiler)<br \/><a href=\"http:\/\/www.rolfmuetzenich.de\">Homepage<\/a><\/p>\n<div>\u00a0<\/div>\n<div>\u00a0<\/div>\n<div>\u00a0<\/div>\n<div><br style=\"clear: both;\" \/><img loading=\"lazy\" class=\" wp-image-56 alignleft\" src=\"http:\/\/spd-niehl.de\/wp-content\/uploads\/2018\/12\/andreas_kossiski.jpg\" alt=\"\" width=\"101\" height=\"130\" \/> <b>Andreas Kossiski<\/b><br \/>MdL, Wahlkreis K\u00f6ln IV (u.\u00a0a. Niehl)<br \/><a href=\"http:\/\/andreas-kossiski.de\/\">Homepage<\/a><\/div>\n<p>\u00a0<\/p>\n<p>\u00a0<\/p>\n<div>\n<p><img loading=\"lazy\" class=\" wp-image-57 alignleft\" src=\"http:\/\/spd-niehl.de\/wp-content\/uploads\/2018\/12\/ralf_heinen.jpg\" alt=\"\" width=\"101\" height=\"129\" \/><\/p>\n<\/div>\n<div><b>Dr. Ralf Heinen<\/b><br \/>MdR, Wahlkreis 33 (u.\u00a0a. Niehl)<\/div>\n<div>\u00a0<\/div>\n<div>\u00a0<\/div>\n<div>\u00a0<\/div>\n<div>\u00a0<\/div>\n<div>\u00a0<\/div>\n<div><img loading=\"lazy\" class=\"c-marginalia__image animate--slow order--0 fadeInUp alignleft\" src=\"https:\/\/www.koelnspd.de\/wp-content\/uploads\/sites\/749\/2020\/07\/oedingen-600x600.png\" sizes=\"(max-width: 600px) 100vw, 600px\" srcset=\"https:\/\/www.koelnspd.de\/wp-content\/uploads\/sites\/749\/2020\/07\/oedingen-600x600.png 600w, https:\/\/www.koelnspd.de\/wp-content\/uploads\/sites\/749\/2020\/07\/oedingen-300x300.png 300w, https:\/\/www.koelnspd.de\/wp-content\/uploads\/sites\/749\/2020\/07\/oedingen-1024x1024.png 1024w, https:\/\/www.koelnspd.de\/wp-content\/uploads\/sites\/749\/2020\/07\/oedingen-150x150.png 150w, https:\/\/www.koelnspd.de\/wp-content\/uploads\/sites\/749\/2020\/07\/oedingen-768x768.png 768w, https:\/\/www.koelnspd.de\/wp-content\/uploads\/sites\/749\/2020\/07\/oedingen-1536x1536.png 1536w, https:\/\/www.koelnspd.de\/wp-content\/uploads\/sites\/749\/2020\/07\/oedingen-2048x2048.png 2048w, https:\/\/www.koelnspd.de\/wp-content\/uploads\/sites\/749\/2020\/07\/oedingen-900x900.png 900w, https:\/\/www.koelnspd.de\/wp-content\/uploads\/sites\/749\/2020\/07\/oedingen-1980x1980.png 1980w\" alt=\"\" width=\"102\" height=\"102\" \/><\/div>\n<div><strong>Erika Oedingen<br \/><\/strong>MdR, Wahlkreis 26 (u.a. Niehl)<\/div>\n<div>\u00a0<\/div>\n<div>\u00a0<\/div>\n<div>\u00a0<\/div>\n<div>\u00a0<\/div>\n<div><img loading=\"lazy\" class=\"alignleft\" src=\"https:\/\/www.spd-longerich.de\/wp-content\/uploads\/sites\/1231\/2021\/03\/unbenannt.jpg\" alt=\"\" width=\"97\" height=\"115\" \/><strong>Maximillian Pinnen <br \/><\/strong>MdBV Nippes<\/div>\n<div>\u00a0<\/div>","protected":false},"excerpt":{"rendered":"<p>Unser Vorstand Unser Vorstand besteht derzeit aus Beate Wieloch (Vorsitzende), Florian Rademacher (stv. Vorsitzender), Aylin Yildirim (stv. Vorsitzende), Alois Steines (Kassierer), Martin Brenig (Schriftf\u00fchrer) und den Beisitzer*innen Hedda K\u00f6rner, Maximillian Pinnen und Harald Wishof. Die Revision Die Revisor*innen sind f\u00fcr die Pr\u00fcfung der Kassengesch\u00e4fte des Vorstandes zust\u00e4ndig. Sie kontrollieren insbesondere, ob die Kassenf\u00fchrung den Vorgaben<\/p><\/div>\n<div class=\"blog-btn\"><a href=\"http:\/\/spd-niehl.de\/?page_id=2\" class=\"home-blog-btn\">Weiterlesen<\/a><\/p>\n","protected":false},"author":1,"featured_media":0,"parent":0,"menu_order":0,"comment_status":"closed","ping_status":"open","template":"","meta":[],"_links":{"self":[{"href":"http:\/\/spd-niehl.de\/index.php?rest_route=\/wp\/v2\/pages\/2"}],"collection":[{"href":"http:\/\/spd-niehl.de\/index.php?rest_route=\/wp\/v2\/pages"}],"about":[{"href":"http:\/\/spd-niehl.de\/index.php?rest_route=\/wp\/v2\/types\/page"}],"author":[{"embeddable":true,"href":"http:\/\/spd-niehl.de\/index.php?rest_route=\/wp\/v2\/users\/1"}],"replies":[{"embeddable":true,"href":"http:\/\/spd-niehl.de\/index.php?rest_route=%2Fwp%2Fv2%2Fcomments&post=2"}],"version-history":[{"count":30,"href":"http:\/\/spd-niehl.de\/index.php?rest_route=\/wp\/v2\/pages\/2\/revisions"}],"predecessor-version":[{"id":132,"href":"http:\/\/spd-niehl.de\/index.php?rest_route=\/wp\/v2\/pages\/2\/revisions\/132"}],"wp:attachment":[{"href":"http:\/\/spd-niehl.de\/index.php?rest_route=%2Fwp%2Fv2%2Fmedia&parent=2"}],"curies":[{"name":"wp","href":"https:\/\/api.w.org\/{rel}","templated":true}]}}